{"id":2874,"date":"2025-02-03T12:16:30","date_gmt":"2025-02-03T12:16:30","guid":{"rendered":"https:\/\/www.cena-bau.at\/?page_id=2874"},"modified":"2025-02-04T11:36:19","modified_gmt":"2025-02-04T11:36:19","slug":"datenschutz","status":"publish","type":"page","link":"https:\/\/www.cena-bau.at\/index.php\/datenschutz\/","title":{"rendered":"Datenschutz"},"content":{"rendered":"\n<h2 class=\"wp-block-heading\">Datenschutzerkl\u00e4rung<\/h2>\n\n\n\n<p>Diese Datenschutzerkl\u00e4rung kl\u00e4rt Sie \u00fcber die Art, den Umfang und Zweck der Verarbeitung von personenbezogenen Daten (nachfolgend \u201eDaten\u201c) innerhalb unseres Onlineangebotes sowie der mit ihm verbundenen Webseiten und externen Onlinepr\u00e4senzen, wie z.B. unser Social Media Profile, auf. Die Verarbeitung erfolgt gem\u00e4\u00df den Bestimmungen der Datenschutz-Grundverordnung (DSGVO).<\/p>\n\n\n\n<hr class=\"wp-block-separator has-alpha-channel-opacity\"\/>\n\n\n\n<h3 class=\"wp-block-heading\">1. <strong>Verantwortlicher<\/strong><\/h3>\n\n\n\n<p>Cena Bau GmbH<br>Samir Cena, Gesch\u00e4ftsf\u00fchrender Gesellschafter<br>B\u00e4ckerstrasse 3<br>A-4072 Stra\u00dfham<\/p>\n\n\n\n<p>Tel: +43 (7274) 71443<br>E-Mail: <a>office@cena-bau.at<\/a><br>Impressum: <a>Kontakt<\/a><\/p>\n\n\n\n<hr class=\"wp-block-separator has-alpha-channel-opacity\"\/>\n\n\n\n<h3 class=\"wp-block-heading\">2. <strong>Arten der verarbeiteten Daten<\/strong><\/h3>\n\n\n\n<ul class=\"wp-block-list\">\n<li><strong>Bestandsdaten<\/strong>: Namen, Adressen<\/li>\n\n\n\n<li><strong>Kontaktdaten<\/strong>: E-Mail, Telefonnummern<\/li>\n\n\n\n<li><strong>Inhaltsdaten<\/strong>: Texteingaben, Fotografien, Videos<\/li>\n\n\n\n<li><strong>Nutzungsdaten<\/strong>: Besuchte Webseiten, Interessen, Zugriffszeiten<\/li>\n\n\n\n<li><strong>Meta-\/Kommunikationsdaten<\/strong>: Ger\u00e4teinformationen, IP-Adressen<\/li>\n<\/ul>\n\n\n\n<hr class=\"wp-block-separator has-alpha-channel-opacity\"\/>\n\n\n\n<h3 class=\"wp-block-heading\">3. <strong>Kategorien betroffener Personen<\/strong><\/h3>\n\n\n\n<p>Besucher und Nutzer des Onlineangebotes (im Folgenden als \u201eNutzer\u201c bezeichnet).<\/p>\n\n\n\n<hr class=\"wp-block-separator has-alpha-channel-opacity\"\/>\n\n\n\n<h3 class=\"wp-block-heading\">4. <strong>Zwecke der Verarbeitung<\/strong><\/h3>\n\n\n\n<ul class=\"wp-block-list\">\n<li>Bereitstellung des Onlineangebotes und seiner Funktionen<\/li>\n\n\n\n<li>Beantwortung von Kontaktanfragen und Kommunikation<\/li>\n\n\n\n<li>Sicherheitsma\u00dfnahmen<\/li>\n\n\n\n<li>Reichweitenmessung\/Marketing<\/li>\n<\/ul>\n\n\n\n<hr class=\"wp-block-separator has-alpha-channel-opacity\"\/>\n\n\n\n<h3 class=\"wp-block-heading\">5. <strong>Verwendete Begrifflichkeiten<\/strong><\/h3>\n\n\n\n<ul class=\"wp-block-list\">\n<li><strong>Personenbezogene Daten<\/strong>: Informationen, die sich auf eine identifizierte oder identifizierbare nat\u00fcrliche Person beziehen.<\/li>\n\n\n\n<li><strong>Verarbeitung<\/strong>: Jeder Vorgang im Zusammenhang mit personenbezogenen Daten, wie Erheben, Speichern, \u00c4ndern etc.<\/li>\n\n\n\n<li><strong>Pseudonymisierung<\/strong>: Verarbeitung personenbezogener Daten so, dass die Daten ohne zus\u00e4tzliche Informationen nicht mehr einer betroffenen Person zugeordnet werden k\u00f6nnen.<\/li>\n\n\n\n<li><strong>Profiling<\/strong>: Automatisierte Verarbeitung personenbezogener Daten zur Bewertung pers\u00f6nlicher Merkmale einer Person.<\/li>\n\n\n\n<li><strong>Verantwortlicher<\/strong>: Die nat\u00fcrliche oder juristische Person, die \u00fcber die Zwecke und Mittel der Verarbeitung entscheidet.<\/li>\n\n\n\n<li><strong>Auftragsverarbeiter<\/strong>: Eine nat\u00fcrliche oder juristische Person, die personenbezogene Daten im Auftrag des Verantwortlichen verarbeitet.<\/li>\n<\/ul>\n\n\n\n<hr class=\"wp-block-separator has-alpha-channel-opacity\"\/>\n\n\n\n<h3 class=\"wp-block-heading\">6. <strong>Rechtsgrundlagen der Verarbeitung<\/strong><\/h3>\n\n\n\n<ul class=\"wp-block-list\">\n<li><strong>Einwilligung<\/strong>: Art. 6 Abs. 1 lit. a DSGVO<\/li>\n\n\n\n<li><strong>Vertragserf\u00fcllung<\/strong>: Art. 6 Abs. 1 lit. b DSGVO<\/li>\n\n\n\n<li><strong>Erf\u00fcllung rechtlicher Verpflichtungen<\/strong>: Art. 6 Abs. 1 lit. c DSGVO<\/li>\n\n\n\n<li><strong>Berechtigte Interessen<\/strong>: Art. 6 Abs. 1 lit. f DSGVO<\/li>\n\n\n\n<li><strong>Lebenswichtige Interessen<\/strong>: Art. 6 Abs. 1 lit. d DSGVO<\/li>\n<\/ul>\n\n\n\n<hr class=\"wp-block-separator has-alpha-channel-opacity\"\/>\n\n\n\n<h3 class=\"wp-block-heading\">7. <strong>Sicherheitsma\u00dfnahmen<\/strong><\/h3>\n\n\n\n<p>Wir treffen geeignete technische und organisatorische Ma\u00dfnahmen, um ein dem Risiko angemessenes Schutzniveau zu gew\u00e4hrleisten (Art. 32 DSGVO). Dies umfasst unter anderem die Sicherstellung der Vertraulichkeit, Integrit\u00e4t und Verf\u00fcgbarkeit der Daten.<\/p>\n\n\n\n<hr class=\"wp-block-separator has-alpha-channel-opacity\"\/>\n\n\n\n<h3 class=\"wp-block-heading\">8. <strong>Zusammenarbeit mit Auftragsverarbeitern und Dritten<\/strong><\/h3>\n\n\n\n<p>Daten werden nur an Dritte \u00fcbermittelt, wenn eine gesetzliche Erlaubnis besteht oder auf Grundlage einer Einwilligung oder rechtlichen Verpflichtung. Bei Beauftragung von Auftragsverarbeitern erfolgt dies auf Grundlage eines Auftragsverarbeitungsvertrages gem\u00e4\u00df Art. 28 DSGVO.<\/p>\n\n\n\n<hr class=\"wp-block-separator has-alpha-channel-opacity\"\/>\n\n\n\n<h3 class=\"wp-block-heading\">9. <strong>\u00dcbermittlungen in Drittl\u00e4nder<\/strong><\/h3>\n\n\n\n<p>Daten\u00fcbermittlungen in L\u00e4nder au\u00dferhalb der EU bzw. des EWR erfolgen nur, wenn dies zur Vertragserf\u00fcllung notwendig ist oder auf Grundlage Ihrer Einwilligung oder eines rechtlichen Erfordernisses. Die besonderen Voraussetzungen gem\u00e4\u00df Art. 44 ff. DSGVO werden dabei ber\u00fccksichtigt.<\/p>\n\n\n\n<hr class=\"wp-block-separator has-alpha-channel-opacity\"\/>\n\n\n\n<h3 class=\"wp-block-heading\">10. <strong>Rechte der betroffenen Personen<\/strong><\/h3>\n\n\n\n<ul class=\"wp-block-list\">\n<li><strong>Auskunftsrecht<\/strong>: Art. 15 DSGVO<\/li>\n\n\n\n<li><strong>Berichtigungsrecht<\/strong>: Art. 16 DSGVO<\/li>\n\n\n\n<li><strong>L\u00f6schungsrecht<\/strong>: Art. 17 DSGVO<\/li>\n\n\n\n<li><strong>Recht auf Einschr\u00e4nkung der Verarbeitung<\/strong>: Art. 18 DSGVO<\/li>\n\n\n\n<li><strong>Recht auf Daten\u00fcbertragbarkeit<\/strong>: Art. 20 DSGVO<\/li>\n\n\n\n<li><strong>Beschwerderecht<\/strong>: Art. 77 DSGVO (bei der Aufsichtsbeh\u00f6rde)<\/li>\n<\/ul>\n\n\n\n<hr class=\"wp-block-separator has-alpha-channel-opacity\"\/>\n\n\n\n<h3 class=\"wp-block-heading\">11. <strong>Widerrufsrecht<\/strong><\/h3>\n\n\n\n<p>Sie haben das Recht, Ihre Einwilligungen gem\u00e4\u00df Art. 7 Abs. 3 DSGVO mit Wirkung f\u00fcr die Zukunft zu widerrufen.<\/p>\n\n\n\n<hr class=\"wp-block-separator has-alpha-channel-opacity\"\/>\n\n\n\n<h3 class=\"wp-block-heading\">12. <strong>Widerspruchsrecht<\/strong><\/h3>\n\n\n\n<p>Sie k\u00f6nnen der Verarbeitung Ihrer Daten gem\u00e4\u00df Art. 21 DSGVO jederzeit widersprechen. Dies gilt insbesondere f\u00fcr die Verarbeitung zu Zwecken der Direktwerbung.<\/p>\n\n\n\n<hr class=\"wp-block-separator has-alpha-channel-opacity\"\/>\n\n\n\n<h3 class=\"wp-block-heading\">13. <strong>Cookies und Widerspruchsrecht bei Direktwerbung<\/strong><\/h3>\n\n\n\n<p>Cookies sind kleine Dateien, die auf dem Endger\u00e4t der Nutzer gespeichert werden. Sie dienen der Speicherung von Daten, wie z.B. Login-Status oder Interessen. Sie k\u00f6nnen in den Einstellungen Ihres Browsers die Speicherung von Cookies deaktivieren. Weitere Informationen \u00fcber Cookies und die M\u00f6glichkeit zum Widerspruch gegen Onlinemarketing-Cookies finden Sie auf <a href=\"http:\/\/www.aboutads.info\/choices\/\">About Ads<\/a> und <a href=\"http:\/\/www.youronlinechoices.com\/\">Your Online Choices<\/a>.<\/p>\n\n\n\n<hr class=\"wp-block-separator has-alpha-channel-opacity\"\/>\n\n\n\n<h3 class=\"wp-block-heading\">14. <strong>L\u00f6schung von Daten<\/strong><\/h3>\n\n\n\n<p>Daten werden gel\u00f6scht, sobald sie f\u00fcr ihre Zweckbestimmung nicht mehr erforderlich sind, es sei denn, gesetzliche Aufbewahrungspflichten stehen dem entgegen. In \u00d6sterreich m\u00fcssen bestimmte Daten, wie Buchhaltungsunterlagen, f\u00fcr 7 Jahre aufbewahrt werden.<\/p>\n\n\n\n<hr class=\"wp-block-separator has-alpha-channel-opacity\"\/>\n\n\n\n<h3 class=\"wp-block-heading\">15. <strong>Gesch\u00e4ftsbezogene Verarbeitung<\/strong><\/h3>\n\n\n\n<p>Verarbeitung von Vertragsdaten, Zahlungsdaten und Kontaktdaten im Rahmen der Erbringung unserer vertraglichen Leistungen, Service und Kundenpflege.<\/p>\n\n\n\n<hr class=\"wp-block-separator has-alpha-channel-opacity\"\/>\n\n\n\n<h3 class=\"wp-block-heading\">16. <strong>Vertragliche Leistungen<\/strong><\/h3>\n\n\n\n<p>Wir verarbeiten die Daten unserer Vertragspartner (z.B., Namen, Adressen, E-Mail) im Rahmen der Vertragserf\u00fcllung. Besondere Kategorien personenbezogener Daten werden grunds\u00e4tzlich nicht verarbeitet.<\/p>\n\n\n\n<hr class=\"wp-block-separator has-alpha-channel-opacity\"\/>\n\n\n\n<h3 class=\"wp-block-heading\">17. <strong>Administration und Finanzbuchhaltung<\/strong><\/h3>\n\n\n\n<p>Wir verarbeiten Daten f\u00fcr administrative Aufgaben, Finanzbuchhaltung und zur Erf\u00fcllung gesetzlicher Aufbewahrungspflichten. Dies betrifft insbesondere auch die Verarbeitung von Vertrags- und Zahlungsdaten.<\/p>\n\n\n\n<hr class=\"wp-block-separator has-alpha-channel-opacity\"\/>\n\n\n\n<h3 class=\"wp-block-heading\">18. <strong>Betriebswirtschaftliche Analysen und Marktforschung<\/strong><\/h3>\n\n\n\n<p>Wir analysieren Gesch\u00e4ftsdaten zur Verbesserung unserer Dienstleistungen und Marketingstrategien. Die Daten werden auf Basis unserer berechtigten Interessen verarbeitet.<\/p>\n\n\n\n<hr class=\"wp-block-separator has-alpha-channel-opacity\"\/>\n\n\n\n<h3 class=\"wp-block-heading\">19. <strong>Kontaktaufnahme<\/strong><\/h3>\n\n\n\n<p>Bei der Kontaktaufnahme mit uns (z.B. \u00fcber Kontaktformulare, E-Mail) verarbeiten wir die angegebenen Daten zur Bearbeitung Ihrer Anfrage. Diese werden nach Erforderlichkeit gel\u00f6scht, sp\u00e4testens jedoch nach zwei Jahren.<\/p>\n\n\n\n<hr class=\"wp-block-separator has-alpha-channel-opacity\"\/>\n\n\n\n<h3 class=\"wp-block-heading\">20. <strong>Hosting und E-Mail-Versand<\/strong><\/h3>\n\n\n\n<p>Unsere Hosting-Dienste umfassen Infrastruktur, Rechenkapazit\u00e4t, Speicherplatz und Sicherheitsdienste. Wir verarbeiten Daten wie Bestands-, Kontakt- und Nutzungsdaten.<\/p>\n\n\n\n<hr class=\"wp-block-separator has-alpha-channel-opacity\"\/>\n\n\n\n<h3 class=\"wp-block-heading\">21. <strong>Erhebung von Zugriffsdaten und Logfiles<\/strong><\/h3>\n\n\n\n<p>Wir erfassen Daten \u00fcber den Zugriff auf unseren Server (z.B. IP-Adresse, Browsertyp) zur Sicherstellung der Funktionsf\u00e4higkeit und Sicherheit des Onlineangebotes.<\/p>\n\n\n\n<hr class=\"wp-block-separator has-alpha-channel-opacity\"\/>\n\n\n\n<h3 class=\"wp-block-heading\">22. <strong>Cloudflare CDN<\/strong><\/h3>\n\n\n\n<p>Wir verwenden Cloudflare als Content Delivery Network (CDN), um die Ladegeschwindigkeit unserer Website zu verbessern. Cloudflare ist Privacy Shield zertifiziert, um den europ\u00e4ischen Datenschutzstandard zu gew\u00e4hrleisten.<\/p>\n\n\n\n<hr class=\"wp-block-separator has-alpha-channel-opacity\"\/>\n\n\n\n<h3 class=\"wp-block-heading\">23. <strong>Google Maps<\/strong><\/h3>\n\n\n\n<p>Wir integrieren Google Maps zur Anzeige von Karten und zur Routenplanung. Hierbei k\u00f6nnen Standortdaten verarbeitet werden. Weitere Informationen finden Sie in der <a href=\"https:\/\/www.google.com\/policies\/privacy\/\">Google Datenschutzerkl\u00e4rung<\/a>.<\/p>\n","protected":false},"excerpt":{"rendered":"<p>Datenschutzerkl\u00e4rung Diese Datenschutzerkl\u00e4rung kl\u00e4rt Sie \u00fcber die Art, den Umfang und Zweck der Verarbeitung von personenbezogenen Daten (nachfolgend \u201eDaten\u201c) innerhalb unseres Onlineangebotes sowie der mit ihm verbundenen Webseiten und externen Onlinepr\u00e4senzen, wie z.B. unser Social Media Profile, auf. Die Verarbeitung erfolgt gem\u00e4\u00df den Bestimmungen der Datenschutz-Grundverordnung (DSGVO). 1. Verantwortlicher Cena Bau GmbHSamir Cena, Gesch\u00e4ftsf\u00fchrender GesellschafterB\u00e4ckerstrasse [&hellip;]<\/p>\n","protected":false},"author":2,"featured_media":0,"parent":0,"menu_order":0,"comment_status":"closed","ping_status":"closed","template":"","meta":{"footnotes":""},"class_list":["post-2874","page","type-page","status-publish","hentry"],"aioseo_notices":[],"_links":{"self":[{"href":"https:\/\/www.cena-bau.at\/index.php\/wp-json\/wp\/v2\/pages\/2874","targetHints":{"allow":["GET"]}}],"collection":[{"href":"https:\/\/www.cena-bau.at\/index.php\/wp-json\/wp\/v2\/pages"}],"about":[{"href":"https:\/\/www.cena-bau.at\/index.php\/wp-json\/wp\/v2\/types\/page"}],"author":[{"embeddable":true,"href":"https:\/\/www.cena-bau.at\/index.php\/wp-json\/wp\/v2\/users\/2"}],"replies":[{"embeddable":true,"href":"https:\/\/www.cena-bau.at\/index.php\/wp-json\/wp\/v2\/comments?post=2874"}],"version-history":[{"count":2,"href":"https:\/\/www.cena-bau.at\/index.php\/wp-json\/wp\/v2\/pages\/2874\/revisions"}],"predecessor-version":[{"id":2928,"href":"https:\/\/www.cena-bau.at\/index.php\/wp-json\/wp\/v2\/pages\/2874\/revisions\/2928"}],"wp:attachment":[{"href":"https:\/\/www.cena-bau.at\/index.php\/wp-json\/wp\/v2\/media?parent=2874"}],"curies":[{"name":"wp","href":"https:\/\/api.w.org\/{rel}","templated":true}]}}